{"version":"1.0","provider_name":"FREA","provider_url":"https:\/\/frea.edu.br\/site","title":"AVISO CONVITE N\u00ba 01-2013-FREA - FREA","type":"rich","width":600,"height":338,"html":"<blockquote class=\"wp-embedded-content\" data-secret=\"JHf4ZOsNFt\"><a href=\"https:\/\/frea.edu.br\/site\/index.php\/aviso-convite-01-2013-frea\/\">AVISO CONVITE N\u00ba 01-2013-FREA<\/a><\/blockquote><iframe sandbox=\"allow-scripts\" security=\"restricted\" src=\"https:\/\/frea.edu.br\/site\/index.php\/aviso-convite-01-2013-frea\/embed\/#?secret=JHf4ZOsNFt\" width=\"600\" height=\"338\" title=\"&#8220;AVISO CONVITE N\u00ba 01-2013-FREA&#8221; &#8212; FREA\" data-secret=\"JHf4ZOsNFt\" frameborder=\"0\" marginwidth=\"0\" marginheight=\"0\" scrolling=\"no\" class=\"wp-embedded-content\"><\/iframe><script type=\"text\/javascript\">\n\/* <![CDATA[ *\/\n\/*! This file is auto-generated *\/\n!function(d,l){\"use strict\";l.querySelector&&d.addEventListener&&\"undefined\"!=typeof URL&&(d.wp=d.wp||{},d.wp.receiveEmbedMessage||(d.wp.receiveEmbedMessage=function(e){var t=e.data;if((t||t.secret||t.message||t.value)&&!\/[^a-zA-Z0-9]\/.test(t.secret)){for(var s,r,n,a=l.querySelectorAll('iframe[data-secret=\"'+t.secret+'\"]'),o=l.querySelectorAll('blockquote[data-secret=\"'+t.secret+'\"]'),c=new RegExp(\"^https?:$\",\"i\"),i=0;i<o.length;i++)o[i].style.display=\"none\";for(i=0;i<a.length;i++)s=a[i],e.source===s.contentWindow&&(s.removeAttribute(\"style\"),\"height\"===t.message?(1e3<(r=parseInt(t.value,10))?r=1e3:~~r<200&&(r=200),s.height=r):\"link\"===t.message&&(r=new URL(s.getAttribute(\"src\")),n=new URL(t.value),c.test(n.protocol))&&n.host===r.host&&l.activeElement===s&&(d.top.location.href=t.value))}},d.addEventListener(\"message\",d.wp.receiveEmbedMessage,!1),l.addEventListener(\"DOMContentLoaded\",function(){for(var e,t,s=l.querySelectorAll(\"iframe.wp-embedded-content\"),r=0;r<s.length;r++)(t=(e=s[r]).getAttribute(\"data-secret\"))||(t=Math.random().toString(36).substring(2,12),e.src+=\"#?secret=\"+t,e.setAttribute(\"data-secret\",t)),e.contentWindow.postMessage({message:\"ready\",secret:t},\"*\")},!1)))}(window,document);\n\/\/# sourceURL=https:\/\/frea.edu.br\/site\/wp-includes\/js\/wp-embed.min.js\n\/* ]]> *\/\n<\/script>\n","description":"AVISO DE LICITA\u00c7\u00c3O &#8211; FREA CONVITE N\u00ba 01\/2013-FREA OBJETO: CONTRATA\u00c7\u00c3O DE PROFISSIONAL LIBERAL E\/OU EMPRESA DE CONTABILIDADE COM EXPERIENCIA EM CONTABILIDADE P\u00daBLICA. A FUNDA\u00c7\u00c3O REGIONAL EDUCACIONAL DE AVAR\u00c9 \u2013 FREA comunica \u00e0 quem possa interessar que se acha aberta licita\u00e7\u00e3o para Contrata\u00e7\u00e3o de profissional liberal ou empresa especializada, que disponibilize profissional com curso superior, inscri\u00e7\u00e3o Read more about T\u00edtulo padr\u00e3o[&hellip;]"}